{"id":3046,"date":"2024-09-05T19:24:55","date_gmt":"2024-09-05T19:24:55","guid":{"rendered":"https:\/\/edupublicoprivada.com\/?page_id=3046"},"modified":"2025-07-07T17:17:21","modified_gmt":"2025-07-07T17:17:21","slug":"oned","status":"publish","type":"page","link":"https:\/\/edupublicoprivada.com\/2025\/oned\/","title":{"rendered":"ONED"},"content":{"rendered":"<p><div class=\"fusion-fullwidth fullwidth-box fusion-builder-row-1 fusion-flex-container has-pattern-background has-mask-background fusion-parallax-none nonhundred-percent-fullwidth non-hundred-percent-height-scrolling lazyload\" style=\"--awb-border-radius-top-left:0px;--awb-border-radius-top-right:0px;--awb-border-radius-bottom-right:0px;--awb-border-radius-bottom-left:0px;--awb-padding-top:80px;--awb-padding-bottom:80px;--awb-padding-right-medium:30px;--awb-padding-left-medium:30px;--awb-padding-right-small:30px;--awb-padding-left-small:30px;--awb-margin-top:-60px;--awb-margin-bottom:0px;--awb-background-size:cover;--awb-flex-wrap:wrap;\" data-bg=\"https:\/\/edupublicoprivada.com\/2025\/wp-content\/uploads\/2025\/02\/background-oned.png\" ><div class=\"fusion-builder-row fusion-row fusion-flex-align-items-center fusion-flex-justify-content-flex-end fusion-flex-content-wrap\" style=\"max-width:1260px;margin-left: calc(-5% \/ 2 );margin-right: calc(-5% \/ 2 );\"><div class=\"fusion-layout-column fusion_builder_column fusion-builder-column-0 fusion_builder_column_2_3 2_3 fusion-flex-column\" style=\"--awb-bg-size:cover;--awb-width-large:66.666666666667%;--awb-margin-top-large:0px;--awb-spacing-right-large:60px;--awb-margin-bottom-large:20px;--awb-spacing-left-large:3.5625%;--awb-width-medium:66.666666666667%;--awb-order-medium:0;--awb-spacing-right-medium:60px;--awb-spacing-left-medium:30px;--awb-width-small:100%;--awb-order-small:1;--awb-spacing-right-small:2.375%;--awb-spacing-left-small:10px;\" data-scroll-devices=\"small-visibility,medium-visibility,large-visibility\"><div class=\"fusion-column-wrapper fusion-column-has-shadow fusion-flex-justify-content-flex-start fusion-content-layout-column\"><div class=\"fusion-title title fusion-title-1 fusion-sep-none fusion-title-text fusion-title-size-one\" style=\"--awb-text-color:var(--awb-custom_color_3);--awb-margin-bottom:0px;--awb-margin-bottom-small:0px;--awb-margin-bottom-medium:0px;--awb-font-size:28px;\"><h1 class=\"fusion-title-heading title-heading-left\" style=\"font-family:&quot;Montserrat&quot;;font-style:normal;font-weight:700;margin:0;font-size:1em;line-height:1.4;\">Impulsando la Innovaci\u00f3n en la Educaci\u00f3n Digital<\/h1><\/div><div class=\"fusion-text fusion-text-1\" style=\"--awb-font-size:21px;--awb-line-height:1.6;--awb-text-color:var(--awb-custom_color_4);--awb-text-font-family:&quot;Montserrat&quot;;--awb-text-font-style:normal;--awb-text-font-weight:400;\"><p><strong>Presentamos una iniciativa pionera en investigaci\u00f3n y transformaci\u00f3n digital educativa en Espa\u00f1a.<\/strong><\/p>\n<\/div><\/div><\/div><div class=\"fusion-layout-column fusion_builder_column fusion-builder-column-1 fusion_builder_column_1_3 1_3 fusion-flex-column\" style=\"--awb-bg-size:cover;--awb-width-large:33.333333333333%;--awb-margin-top-large:0px;--awb-spacing-right-large:7.125%;--awb-margin-bottom-large:20px;--awb-spacing-left-large:7.125%;--awb-width-medium:33.333333333333%;--awb-order-medium:0;--awb-spacing-right-medium:7.125%;--awb-spacing-left-medium:7.125%;--awb-width-small:33.333333333333%;--awb-order-small:0;--awb-spacing-right-small:7.125%;--awb-spacing-left-small:7.125%;\" data-scroll-devices=\"small-visibility,medium-visibility,large-visibility\"><div class=\"fusion-column-wrapper fusion-column-has-shadow fusion-flex-justify-content-flex-start fusion-content-layout-column\"><div class=\"fusion-image-element \" style=\"text-align:center;--awb-caption-title-font-family:var(--h2_typography-font-family);--awb-caption-title-font-weight:var(--h2_typography-font-weight);--awb-caption-title-font-style:var(--h2_typography-font-style);--awb-caption-title-size:var(--h2_typography-font-size);--awb-caption-title-transform:var(--h2_typography-text-transform);--awb-caption-title-line-height:var(--h2_typography-line-height);--awb-caption-title-letter-spacing:var(--h2_typography-letter-spacing);\"><span class=\" fusion-imageframe imageframe-none imageframe-1 hover-type-none\"><img decoding=\"async\" width=\"260\" height=\"260\" title=\"sello-2025\" src=\"https:\/\/edupublicoprivada.com\/2025\/wp-content\/uploads\/2025\/02\/sello-2025.png\" data-orig-src=\"https:\/\/edupublicoprivada.com\/2025\/wp-content\/uploads\/2025\/02\/sello-2025.png\" alt class=\"lazyload img-responsive wp-image-3492\" srcset=\"data:image\/svg+xml,%3Csvg%20xmlns%3D%27http%3A%2F%2Fwww.w3.org%2F2000%2Fsvg%27%20width%3D%27260%27%20height%3D%27260%27%20viewBox%3D%270%200%20260%20260%27%3E%3Crect%20width%3D%27260%27%20height%3D%27260%27%20fill-opacity%3D%220%22%2F%3E%3C%2Fsvg%3E\" data-srcset=\"https:\/\/edupublicoprivada.com\/2025\/wp-content\/uploads\/2025\/02\/sello-2025-200x200.png 200w, https:\/\/edupublicoprivada.com\/2025\/wp-content\/uploads\/2025\/02\/sello-2025.png 260w\" data-sizes=\"auto\" data-orig-sizes=\"(max-width: 700px) 100vw, 260px\" \/><\/span><\/div><\/div><\/div><\/div><\/div><div class=\"fusion-fullwidth fullwidth-box fusion-builder-row-2 fusion-flex-container has-pattern-background has-mask-background nonhundred-percent-fullwidth non-hundred-percent-height-scrolling\" style=\"--awb-border-radius-top-left:0px;--awb-border-radius-top-right:0px;--awb-border-radius-bottom-right:0px;--awb-border-radius-bottom-left:0px;--awb-padding-top:50px;--awb-padding-bottom:50px;--awb-margin-top:0px;--awb-margin-bottom:0px;--awb-background-color:var(--awb-custom_color_4);--awb-flex-wrap:wrap;\" ><div class=\"fusion-builder-row fusion-row fusion-flex-align-items-flex-start fusion-flex-content-wrap\" style=\"max-width:1260px;margin-left: calc(-5% \/ 2 );margin-right: calc(-5% \/ 2 );\"><div class=\"fusion-layout-column fusion_builder_column fusion-builder-column-2 fusion_builder_column_1_1 1_1 fusion-flex-column\" style=\"--awb-bg-size:cover;--awb-width-large:100%;--awb-margin-top-large:0px;--awb-spacing-right-large:2.375%;--awb-margin-bottom-large:20px;--awb-spacing-left-large:2.375%;--awb-width-medium:100%;--awb-order-medium:0;--awb-spacing-right-medium:2.375%;--awb-spacing-left-medium:2.375%;--awb-width-small:100%;--awb-order-small:0;--awb-spacing-right-small:2.375%;--awb-spacing-left-small:2.375%;\"><div class=\"fusion-column-wrapper fusion-column-has-shadow fusion-flex-justify-content-flex-start fusion-content-layout-column\"><div class=\"fusion-text fusion-text-2 awb-text-cols fusion-text-columns-2\" style=\"--awb-text-color:var(--awb-color1);--awb-columns:2;--awb-column-spacing:2em;--awb-column-min-width:400px;\"><p>El<strong> Observatorio Nacional de Educaci\u00f3n Digital (ONED)<\/strong> se crea para proporcionar un espacio de colaboraci\u00f3n y reflexi\u00f3n que impulse la calidad y la innovaci\u00f3n en la educaci\u00f3n digital, atendiendo a las necesidades de una sociedad digitalizada.<\/p>\n<p>La <strong>ONED<\/strong> nace como una iniciativa de colaboraci\u00f3n p\u00fablico-privada de organizaciones y administraciones p\u00fablicas del \u00e1mbito educativo y la innovaci\u00f3n.<\/p>\n<p>La misi\u00f3n del Observatorio es promover la mejora continua de la educaci\u00f3n digital en Espa\u00f1a mediante la investigaci\u00f3n, el an\u00e1lisis y la difusi\u00f3n de buenas pr\u00e1cticas y pol\u00edticas efectivas y crear espacios para la reflexi\u00f3n, el an\u00e1lisis y generaci\u00f3n de conocimiento orientados a mejorar la calidad de la educaci\u00f3n digital y acelerar la innovaci\u00f3n y la digitalizaci\u00f3n educativa en respuesta a una sociedad cada vez m\u00e1s digitalizada y en constante cambio.<\/p>\n<\/div><\/div><\/div><\/div><\/div><div class=\"fusion-fullwidth fullwidth-box fusion-builder-row-3 fusion-flex-container has-pattern-background has-mask-background fusion-parallax-fixed nonhundred-percent-fullwidth non-hundred-percent-height-scrolling lazyload\" style=\"--awb-border-radius-top-left:0px;--awb-border-radius-top-right:0px;--awb-border-radius-bottom-right:0px;--awb-border-radius-bottom-left:0px;--awb-padding-top:150px;--awb-padding-bottom:150px;--awb-margin-bottom:0px;--awb-background-size:cover;--awb-flex-wrap:wrap;background-attachment:fixed;\" data-bg=\"https:\/\/edupublicoprivada.com\/2025\/wp-content\/uploads\/2024\/09\/edu-digital-1.jpg\" ><div class=\"fusion-builder-row fusion-row fusion-flex-align-items-flex-start fusion-flex-content-wrap\" style=\"max-width:1260px;margin-left: calc(-5% \/ 2 );margin-right: calc(-5% \/ 2 );\"><div class=\"fusion-layout-column fusion_builder_column fusion-builder-column-3 fusion_builder_column_1_1 1_1 fusion-flex-column\" style=\"--awb-bg-size:cover;--awb-width-large:100%;--awb-margin-top-large:0px;--awb-spacing-right-large:2.375%;--awb-margin-bottom-large:20px;--awb-spacing-left-large:2.375%;--awb-width-medium:100%;--awb-order-medium:0;--awb-spacing-right-medium:2.375%;--awb-spacing-left-medium:2.375%;--awb-width-small:100%;--awb-order-small:0;--awb-spacing-right-small:2.375%;--awb-spacing-left-small:2.375%;\"><div class=\"fusion-column-wrapper fusion-column-has-shadow fusion-flex-justify-content-flex-start fusion-content-layout-column\"><\/div><\/div><\/div><\/div><div class=\"fusion-fullwidth fullwidth-box fusion-builder-row-4 fusion-flex-container has-pattern-background has-mask-background nonhundred-percent-fullwidth non-hundred-percent-height-scrolling\" style=\"--awb-border-radius-top-left:0px;--awb-border-radius-top-right:0px;--awb-border-radius-bottom-right:0px;--awb-border-radius-bottom-left:0px;--awb-margin-top:100px;--awb-flex-wrap:wrap;\" ><div class=\"fusion-builder-row fusion-row fusion-flex-align-items-flex-start fusion-flex-content-wrap\" style=\"max-width:1260px;margin-left: calc(-5% \/ 2 );margin-right: calc(-5% \/ 2 );\"><div class=\"fusion-layout-column fusion_builder_column fusion-builder-column-4 fusion_builder_column_1_1 1_1 fusion-flex-column\" style=\"--awb-bg-size:cover;--awb-width-large:100%;--awb-margin-top-large:0px;--awb-spacing-right-large:2.375%;--awb-margin-bottom-large:20px;--awb-spacing-left-large:2.375%;--awb-width-medium:100%;--awb-order-medium:0;--awb-spacing-right-medium:2.375%;--awb-spacing-left-medium:2.375%;--awb-width-small:100%;--awb-order-small:0;--awb-spacing-right-small:2.375%;--awb-spacing-left-small:2.375%;\"><div class=\"fusion-column-wrapper fusion-column-has-shadow fusion-flex-justify-content-flex-start fusion-content-layout-column\"><div class=\"fusion-title title fusion-title-2 fusion-sep-none fusion-title-center fusion-title-text fusion-title-size-two\" style=\"--awb-text-color:var(--awb-custom_color_3);\"><h2 class=\"fusion-title-heading title-heading-center\" style=\"margin:0;line-height:1.1;\">\u00bfQu\u00e9 es importante para nosotros?<\/h2><\/div><div class=\"fusion-text fusion-text-3\" style=\"--awb-content-alignment:center;--awb-font-size:20px;--awb-line-height:1.1;--awb-text-color:var(--awb-custom_color_4);--awb-margin-top:-10px;\"><p>Nuestros valores<\/p>\n<\/div><div class=\"fusion-text fusion-text-4\" style=\"--awb-content-alignment:center;--awb-font-size:16px;--awb-line-height:8px;--awb-user-select:none;\"><p>.<br \/>\n.<br \/>\n.<br \/>\n.<br \/>\n.<br \/>\n.<br \/>\n.<br \/>\n.<br \/>\n.<br \/>\n.<\/p>\n<\/div><\/div><\/div><\/div><\/div><div class=\"fusion-fullwidth fullwidth-box fusion-builder-row-5 fusion-flex-container has-pattern-background has-mask-background nonhundred-percent-fullwidth non-hundred-percent-height-scrolling\" style=\"--awb-border-radius-top-left:0px;--awb-border-radius-top-right:0px;--awb-border-radius-bottom-right:0px;--awb-border-radius-bottom-left:0px;--awb-margin-top:0px;--awb-flex-wrap:wrap;\" ><div class=\"fusion-builder-row fusion-row fusion-flex-align-items-stretch fusion-flex-justify-content-center fusion-flex-content-wrap\" style=\"max-width:1260px;margin-left: calc(-5% \/ 2 );margin-right: calc(-5% \/ 2 );\"><div class=\"fusion-layout-column fusion_builder_column fusion-builder-column-5 fusion_builder_column_1_1 1_1 fusion-flex-column\" style=\"--awb-bg-size:cover;--awb-width-large:100%;--awb-margin-top-large:0px;--awb-spacing-right-large:2.375%;--awb-margin-bottom-large:20px;--awb-spacing-left-large:2.375%;--awb-width-medium:100%;--awb-order-medium:0;--awb-spacing-right-medium:2.375%;--awb-spacing-left-medium:2.375%;--awb-width-small:100%;--awb-order-small:0;--awb-spacing-right-small:2.375%;--awb-spacing-left-small:2.375%;\" data-scroll-devices=\"small-visibility,medium-visibility,large-visibility\"><div class=\"fusion-column-wrapper fusion-column-has-shadow fusion-flex-justify-content-flex-start fusion-content-layout-column\"><div class=\"fusion-content-boxes content-boxes columns row fusion-columns-4 fusion-columns-total-8 fusion-content-boxes-1 content-boxes-icon-on-side content-left valores\" style=\"--awb-body-color:var(--awb-custom_color_3);--awb-title-color:var(--awb-custom_color_4);--awb-hover-accent-color:var(--awb-custom_color_4);--awb-circle-hover-accent-color:var(--awb-custom_color_4);\" data-animationOffset=\"top-into-view\"><div style=\"--awb-backgroundcolor:rgba(255,255,255,0);--awb-iconcolor:var(--awb-color1);--awb-content-padding-left:48px;\" class=\"fusion-column content-box-column content-box-column content-box-column-1 col-lg-3 col-md-3 col-sm-3 fusion-content-box-hover content-box-column-first-in-row\"><div class=\"col content-box-wrapper content-wrapper link-area-link-icon icon-hover-animation-fade fusion-animated\" data-animationType=\"fadeInUp\" data-animationDuration=\"0.3\" data-animationOffset=\"top-into-view\"><div class=\"heading heading-with-icon icon-left\"><div class=\"icon\"><i style=\"border-color:var(--awb-color8);border-width:0px;background-color:var(--awb-color5);box-sizing:content-box;height:28px;width:28px;line-height:28px;border-radius:50%;font-size:14px;\" aria-hidden=\"true\" class=\"fontawesome-icon fa-check fas circle-yes\"><\/i><\/div><h3 class=\"content-box-heading\" style=\"--h3_typography-font-size:20px;line-height:25px;padding-left:48px;\">Innovaci\u00f3n<\/h3><\/div><div class=\"fusion-clearfix\"><\/div><div class=\"content-container\">\n<p>Fomentamos la creatividad y la adopci\u00f3n de nuevas tecnolog\u00edas para transformar la educaci\u00f3n digital.<\/p>\n<p>Nos comprometemos a explorar y aplicar soluciones tecnol\u00f3gicas avanzadas que mejoren la calidad educativa, impulsando la transformaci\u00f3n en cada nivel del sistema educativo.<\/p>\n<\/div><\/div><\/div><div style=\"--awb-backgroundcolor:rgba(255,255,255,0);--awb-iconcolor:var(--awb-color1);--awb-content-padding-left:48px;\" class=\"fusion-column content-box-column content-box-column content-box-column-2 col-lg-3 col-md-3 col-sm-3 fusion-content-box-hover \"><div class=\"col content-box-wrapper content-wrapper link-area-link-icon icon-hover-animation-fade fusion-animated\" data-animationType=\"fadeInUp\" data-animationDuration=\"0.3\" data-animationOffset=\"top-into-view\"><div class=\"heading heading-with-icon icon-left\"><div class=\"icon\"><i style=\"border-color:var(--awb-color8);border-width:0px;background-color:var(--awb-color5);box-sizing:content-box;height:28px;width:28px;line-height:28px;border-radius:50%;font-size:14px;\" aria-hidden=\"true\" class=\"fontawesome-icon fa-check fas circle-yes\"><\/i><\/div><h3 class=\"content-box-heading\" style=\"--h3_typography-font-size:20px;line-height:25px;padding-left:48px;\">Colaboraci\u00f3n<\/h3><\/div><div class=\"fusion-clearfix\"><\/div><div class=\"content-container\">\n<p>Creemos en la cooperaci\u00f3n entre las entidades y administraciones p\u00fablicas y la comunidad educativa para alcanzar metas comunes y desarrollar el talento colectivo.<\/p>\n<p>Promovemos alianzas estrat\u00e9gicas y el trabajo en equipo, convencidos de que el talento colectivo genera resultados m\u00e1s significativos y sostenibles.<\/p>\n<\/div><\/div><\/div><div style=\"--awb-backgroundcolor:rgba(255,255,255,0);--awb-iconcolor:var(--awb-color1);--awb-content-padding-left:48px;\" class=\"fusion-column content-box-column content-box-column content-box-column-3 col-lg-3 col-md-3 col-sm-3 fusion-content-box-hover \"><div class=\"col content-box-wrapper content-wrapper link-area-link-icon icon-hover-animation-fade fusion-animated\" data-animationType=\"fadeInUp\" data-animationDuration=\"0.3\" data-animationOffset=\"top-into-view\"><div class=\"heading heading-with-icon icon-left\"><div class=\"icon\"><i style=\"border-color:var(--awb-color8);border-width:0px;background-color:var(--awb-color5);box-sizing:content-box;height:28px;width:28px;line-height:28px;border-radius:50%;font-size:14px;\" aria-hidden=\"true\" class=\"fontawesome-icon fa-check fas circle-yes\"><\/i><\/div><h3 class=\"content-box-heading\" style=\"--h3_typography-font-size:20px;line-height:25px;padding-left:48px;\">Conocimiento<\/h3><\/div><div class=\"fusion-clearfix\"><\/div><div class=\"content-container\">\n<p>Est\u00e1ndares de calidad en todas nuestras actividades y publicaciones.<\/p>\n<p>Realizamos investigaciones rigurosas y ofrecemos recursos de alta calidad para la mejora continua del sector educativo.<\/p>\n<p>Buscamos la mejora continua a trav\u00e9s de la investigaci\u00f3n rigurosa y la generaci\u00f3n de conocimiento accesible.<\/p>\n<p>Ofrecemos recursos de alta calidad que contribuyen al desarrollo de competencias digitales y mejoran la experiencia educativa para todos los actores involucrados.<\/p>\n<\/div><\/div><\/div><div style=\"--awb-backgroundcolor:rgba(255,255,255,0);--awb-iconcolor:var(--awb-color1);--awb-content-padding-left:48px;\" class=\"fusion-column content-box-column content-box-column content-box-column-4 col-lg-3 col-md-3 col-sm-3 fusion-content-box-hover content-box-column-last-in-row\"><div class=\"col content-box-wrapper content-wrapper link-area-link-icon icon-hover-animation-fade fusion-animated\" data-animationType=\"fadeInUp\" data-animationDuration=\"0.3\" data-animationOffset=\"top-into-view\"><div class=\"heading heading-with-icon icon-left\"><div class=\"icon\"><i style=\"border-color:var(--awb-color8);border-width:0px;background-color:var(--awb-color5);box-sizing:content-box;height:28px;width:28px;line-height:28px;border-radius:50%;font-size:14px;\" aria-hidden=\"true\" class=\"fontawesome-icon fa-check fas circle-yes\"><\/i><\/div><h3 class=\"content-box-heading\" style=\"--h3_typography-font-size:20px;line-height:25px;padding-left:48px;\">Transparencia y responsabilidad<\/h3><\/div><div class=\"fusion-clearfix\"><\/div><div class=\"content-container\">\n<p>Actuamos con integridad, apertura y claridad en todas nuestras actuaciones y comunicaciones.<\/p>\n<p>Nos comprometemos a ser responsables de nuestras acciones, publicando nuestros hallazgos y decisiones de manera \u00e9tica, accesible y comprensible para toda la comunidad educativa.<\/p>\n<\/div><\/div><\/div><div style=\"--awb-backgroundcolor:rgba(255,255,255,0);--awb-iconcolor:var(--awb-color1);--awb-content-padding-left:48px;\" class=\"fusion-column content-box-column content-box-column content-box-column-5 col-lg-3 col-md-3 col-sm-3 fusion-content-box-hover content-box-column-first-in-row\"><div class=\"col content-box-wrapper content-wrapper link-area-link-icon icon-hover-animation-fade fusion-animated\" data-animationType=\"fadeInUp\" data-animationDuration=\"0.3\" data-animationOffset=\"top-into-view\"><div class=\"heading heading-with-icon icon-left\"><div class=\"icon\"><i style=\"border-color:var(--awb-color8);border-width:0px;background-color:var(--awb-color5);box-sizing:content-box;height:28px;width:28px;line-height:28px;border-radius:50%;font-size:14px;\" aria-hidden=\"true\" class=\"fontawesome-icon fa-check fas circle-yes\"><\/i><\/div><h3 class=\"content-box-heading\" style=\"--h3_typography-font-size:20px;line-height:25px;padding-left:48px;\">Equidad y accesibilidad <\/h3><\/div><div class=\"fusion-clearfix\"><\/div><div class=\"content-container\">\n<p>Trabajamos para garantizar que todos los estudiantes y docentes, sin importar su contexto socioecon\u00f3mico, tengan igualdad de oportunidades en el acceso a recursos y herramientas digitales.<\/p>\n<p>Nos aseguramos de que los contenidos y tecnolog\u00edas que promovemos sean inclusivos y adaptados a las diversas capacidades y necesidades de los usuarios.<\/p>\n<\/div><\/div><\/div><div style=\"--awb-backgroundcolor:rgba(255,255,255,0);--awb-iconcolor:var(--awb-color1);--awb-content-padding-left:48px;\" class=\"fusion-column content-box-column content-box-column content-box-column-6 col-lg-3 col-md-3 col-sm-3 fusion-content-box-hover \"><div class=\"col content-box-wrapper content-wrapper link-area-link-icon icon-hover-animation-fade fusion-animated\" data-animationType=\"fadeInUp\" data-animationDuration=\"0.3\" data-animationOffset=\"top-into-view\"><div class=\"heading heading-with-icon icon-left\"><div class=\"icon\"><i style=\"border-color:var(--awb-color8);border-width:0px;background-color:var(--awb-color5);box-sizing:content-box;height:28px;width:28px;line-height:28px;border-radius:50%;font-size:14px;\" aria-hidden=\"true\" class=\"fontawesome-icon fa-check fas circle-yes\"><\/i><\/div><h3 class=\"content-box-heading\" style=\"--h3_typography-font-size:20px;line-height:25px;padding-left:48px;\">Sostenibilidad<\/h3><\/div><div class=\"fusion-clearfix\"><\/div><div class=\"content-container\">\n<p>Fomentamos pr\u00e1cticas, tecnolog\u00edas y recursos que no s\u00f3lo beneficien a la educaci\u00f3n actual, sino que tambi\u00e9n aseguren su viabilidad a largo plazo.<\/p>\n<p>Integramos principios de sostenibilidad en cada proyecto, asegurando que las tecnolog\u00edas y metodolog\u00edas utilizadas sigan siendo relevantes y \u00fatiles en el futuro.<\/p>\n<\/div><\/div><\/div><div style=\"--awb-backgroundcolor:rgba(255,255,255,0);--awb-iconcolor:var(--awb-color1);--awb-content-padding-left:48px;\" class=\"fusion-column content-box-column content-box-column content-box-column-7 col-lg-3 col-md-3 col-sm-3 fusion-content-box-hover \"><div class=\"col content-box-wrapper content-wrapper link-area-link-icon icon-hover-animation-fade fusion-animated\" data-animationType=\"fadeInUp\" data-animationDuration=\"0.3\" data-animationOffset=\"top-into-view\"><div class=\"heading heading-with-icon icon-left\"><div class=\"icon\"><i style=\"border-color:var(--awb-color8);border-width:0px;background-color:var(--awb-color5);box-sizing:content-box;height:28px;width:28px;line-height:28px;border-radius:50%;font-size:14px;\" aria-hidden=\"true\" class=\"fontawesome-icon fa-check fas circle-yes\"><\/i><\/div><h3 class=\"content-box-heading\" style=\"--h3_typography-font-size:20px;line-height:25px;padding-left:48px;\">Compromiso con el aprendizaje continuo<\/h3><\/div><div class=\"fusion-clearfix\"><\/div><div class=\"content-container\">\n<p>Reconocemos que el aprendizaje es un proceso que no tiene fin, especialmente en el entorno digital en constante evoluci\u00f3n.<\/p>\n<p>Promovemos el desarrollo profesional continuo para docentes, estudiantes y otros actores educativos, ofreciendo formaci\u00f3n permanente que se adapta a las nuevas demandas de la sociedad digital.<\/p>\n<\/div><\/div><\/div><div style=\"--awb-backgroundcolor:rgba(255,255,255,0);--awb-iconcolor:var(--awb-color1);--awb-content-padding-left:48px;\" class=\"fusion-column content-box-column content-box-column content-box-column-8 col-lg-3 col-md-3 col-sm-3 fusion-content-box-hover content-box-column-last content-box-column-last-in-row\"><div class=\"col content-box-wrapper content-wrapper link-area-link-icon icon-hover-animation-fade fusion-animated\" data-animationType=\"fadeInUp\" data-animationDuration=\"0.3\" data-animationOffset=\"top-into-view\"><div class=\"heading heading-with-icon icon-left\"><div class=\"icon\"><i style=\"border-color:var(--awb-color8);border-width:0px;background-color:var(--awb-color5);box-sizing:content-box;height:28px;width:28px;line-height:28px;border-radius:50%;font-size:14px;\" aria-hidden=\"true\" class=\"fontawesome-icon fa-check fas circle-yes\"><\/i><\/div><h3 class=\"content-box-heading\" style=\"--h3_typography-font-size:20px;line-height:25px;padding-left:48px;\">Diversidad e inclusi\u00f3n<\/h3><\/div><div class=\"fusion-clearfix\"><\/div><div class=\"content-container\">\n<p>Fomentamos un entorno inclusivo que respeta y valora las diferencias culturales, sociales, econ\u00f3micas, y tecnol\u00f3gicas en la educaci\u00f3n digital.<\/p>\n<p>Nos aseguramos de que la pluralidad de contextos se refleje en nuestra investigaci\u00f3n, an\u00e1lisis y toma de decisiones, para que la educaci\u00f3n digital sea accesible y relevante para todos.<\/p>\n<\/div><\/div><\/div><div class=\"fusion-clearfix\"><\/div><\/div><\/div><\/div><div class=\"fusion-layout-column fusion_builder_column fusion-builder-column-6 fusion_builder_column_2_3 2_3 fusion-flex-column fusion-flex-align-self-center\" style=\"--awb-bg-size:cover;--awb-width-large:66.666666666667%;--awb-margin-top-large:-55px;--awb-spacing-right-large:3.5625%;--awb-margin-bottom-large:100px;--awb-spacing-left-large:3.5625%;--awb-width-medium:66.666666666667%;--awb-order-medium:0;--awb-spacing-right-medium:3.5625%;--awb-spacing-left-medium:3.5625%;--awb-width-small:100%;--awb-order-small:0;--awb-spacing-right-small:2.375%;--awb-spacing-left-small:2.375%;\" data-scroll-devices=\"small-visibility,medium-visibility,large-visibility\"><div class=\"fusion-column-wrapper fusion-column-has-shadow fusion-flex-justify-content-center fusion-content-layout-column\"><div class=\"fusion-text fusion-text-5\" style=\"--awb-content-alignment:center;\"><p><strong>Con estos valores el ONED tiene una identidad s\u00f3lida y coherente, guiando todas sus acciones hacia el cumplimiento de su misi\u00f3n de mejorar y acelerar la educaci\u00f3n digital.<\/strong><\/p>\n<\/div><\/div><\/div><\/div><\/div><div class=\"fusion-fullwidth fullwidth-box fusion-builder-row-6 fusion-flex-container has-pattern-background has-mask-background nonhundred-percent-fullwidth non-hundred-percent-height-scrolling\" style=\"--awb-border-radius-top-left:0px;--awb-border-radius-top-right:0px;--awb-border-radius-bottom-right:0px;--awb-border-radius-bottom-left:0px;--awb-flex-wrap:wrap;\" ><div class=\"fusion-builder-row fusion-row fusion-flex-align-items-stretch fusion-flex-content-wrap\" style=\"max-width:1260px;margin-left: calc(-5% \/ 2 );margin-right: calc(-5% \/ 2 );\"><div class=\"fusion-layout-column fusion_builder_column fusion-builder-column-7 fusion_builder_column_3_5 3_5 fusion-flex-column fusion-flex-align-self-stretch\" style=\"--awb-padding-top:8%;--awb-padding-right:8%;--awb-padding-bottom:5%;--awb-padding-left:8%;--awb-overflow:hidden;--awb-bg-color:var(--awb-custom_color_4);--awb-bg-color-hover:var(--awb-custom_color_4);--awb-bg-size:cover;--awb-border-radius:10px 10px 10px 10px;--awb-width-large:60%;--awb-margin-top-large:0px;--awb-spacing-right-large:3.9583333333333%;--awb-margin-bottom-large:20px;--awb-spacing-left-large:3.9583333333333%;--awb-width-medium:60%;--awb-order-medium:0;--awb-spacing-right-medium:3.9583333333333%;--awb-spacing-left-medium:3.9583333333333%;--awb-width-small:100%;--awb-order-small:0;--awb-spacing-right-small:2.375%;--awb-spacing-left-small:2.375%;\" data-scroll-devices=\"small-visibility,medium-visibility,large-visibility\"><div class=\"fusion-column-wrapper fusion-column-has-shadow fusion-flex-justify-content-flex-start fusion-content-layout-column\"><div class=\"fusion-title title fusion-title-3 fusion-sep-none fusion-title-text fusion-title-size-two\" style=\"--awb-text-color:var(--awb-color1);--awb-margin-bottom:30px;--awb-font-size:38px;\"><h2 class=\"fusion-title-heading title-heading-left\" style=\"margin:0;font-size:1em;\">\u00bfQu\u00e9 queremos ser?<\/h2><\/div><div class=\"fusion-text fusion-text-6\" style=\"--awb-text-color:var(--awb-color1);\"><p>Nuestra visi\u00f3n es posicionarnos como una fuente de referencia nacional e internacional en la investigaci\u00f3n, promoci\u00f3n y desarrollo de la educaci\u00f3n digital, impulsando una transformaci\u00f3n educativa que garantice una formaci\u00f3n de calidad, inclusiva y accesible para todos los estudiantes y docentes. Aspiramos a contribuir a la creaci\u00f3n de un entorno educativo innovador y sostenible, que prepare a la sociedad para los desaf\u00edos y oportunidades de la era digital, fomentando la colaboraci\u00f3n entre el sector p\u00fablico y privado para liderar la digitalizaci\u00f3n educativa de manera efectiva.<\/p>\n<p><strong>Rol en las pol\u00edticas p\u00fablicas:<\/strong><\/p>\n<p>El ONED tiene como objetivo orientar y asesorar a las administraciones p\u00fablicas en el \u00e1mbito educativo, ofreciendo evidencia y aportando conocimiento basado en investigaciones rigurosas. Nuestro enfoque es colaborar en el dise\u00f1o y mejora de pol\u00edticas educativas relacionadas con la digitalizaci\u00f3n, sin sustituir en ning\u00fan momento la labor de las autoridades educativas, sino complementando sus esfuerzos con recursos y an\u00e1lisis que permitan una toma de decisiones m\u00e1s informada.<\/p>\n<\/div><\/div><\/div><div class=\"fusion-layout-column fusion_builder_column fusion-builder-column-8 fusion_builder_column_2_5 2_5 fusion-flex-column\" style=\"--awb-padding-top:30px;--awb-padding-bottom:30px;--awb-bg-size:cover;--awb-width-large:40%;--awb-margin-top-large:0px;--awb-spacing-right-large:5.9375%;--awb-margin-bottom-large:20px;--awb-spacing-left-large:5.9375%;--awb-width-medium:40%;--awb-order-medium:0;--awb-spacing-right-medium:5.9375%;--awb-spacing-left-medium:5.9375%;--awb-width-small:100%;--awb-order-small:0;--awb-spacing-right-small:2.375%;--awb-spacing-left-small:2.375%;\" data-scroll-devices=\"small-visibility,medium-visibility,large-visibility\"><div class=\"fusion-column-wrapper fusion-column-has-shadow fusion-flex-justify-content-flex-start fusion-content-layout-column\"><div class=\"fusion-title title fusion-title-4 fusion-sep-none fusion-title-text fusion-title-size-three\" style=\"--awb-text-color:var(--awb-custom_color_3);\"><h3 class=\"fusion-title-heading title-heading-left\" style=\"margin:0;\">Puntos clave de la visi\u00f3n<\/h3><\/div><ul style=\"--awb-iconcolor:var(--awb-custom_color_4);--awb-textcolor:var(--awb-custom_color_3);--awb-line-height:27.2px;--awb-icon-width:27.2px;--awb-icon-height:27.2px;--awb-icon-margin:11.2px;--awb-content-margin:38.4px;\" class=\"fusion-checklist fusion-checklist-1 fusion-checklist-default type-icons\"><li class=\"fusion-li-item\" style=\"\"><span class=\"icon-wrapper circle-no\"><i class=\"fusion-li-icon fa-arrow-right fas\" aria-hidden=\"true\"><\/i><\/span><div class=\"fusion-li-item-content\">\n<p><strong>Actor destacado a nivel nacional e internacional:<\/strong> Ser reconocidos como un actor destacado en el \u00e1mbito de la educaci\u00f3n digital en Espa\u00f1a, y un modelo de referencia a nivel internacional.<\/p>\n<\/div><\/li><li class=\"fusion-li-item\" style=\"\"><span class=\"icon-wrapper circle-no\"><i class=\"fusion-li-icon fa-arrow-right fas\" aria-hidden=\"true\"><\/i><\/span><div class=\"fusion-li-item-content\">\n<p><strong>Investigaci\u00f3n y Desarrollo:<\/strong> Liderar la producci\u00f3n de investigaciones y estudios que ofrezcan evidencia y aporten conocimiento \u00fatil para orientar el dise\u00f1o de pol\u00edticas y pr\u00e1cticas educativas.<\/p>\n<\/div><\/li><li class=\"fusion-li-item\" style=\"\"><span class=\"icon-wrapper circle-no\"><i class=\"fusion-li-icon fa-arrow-right fas\" aria-hidden=\"true\"><\/i><\/span><div class=\"fusion-li-item-content\">\n<p><strong>Promoci\u00f3n y Transformaci\u00f3n Educativa:<\/strong> Ser un facilitador para la adopci\u00f3n de tecnolog\u00edas y recursos educativos que mejoren la calidad de la ense\u00f1anza y el aprendizaje.<\/p>\n<\/div><\/li><li class=\"fusion-li-item\" style=\"\"><span class=\"icon-wrapper circle-no\"><i class=\"fusion-li-icon fa-arrow-right fas\" aria-hidden=\"true\"><\/i><\/span><div class=\"fusion-li-item-content\">\n<p><strong><span class=\"TextRun SCXW106729935 BCX0\" lang=\"ES-ES\" xml:lang=\"ES-ES\" data-contrast=\"auto\"><span class=\"NormalTextRun SCXW106729935 BCX0\">Calidad, Inclusi\u00f3n y Accesibilidad:<\/span><\/span><\/strong><span class=\"TextRun SCXW106729935 BCX0\" lang=\"ES-ES\" xml:lang=\"ES-ES\" data-contrast=\"auto\"><span class=\"NormalTextRun SCXW106729935 BCX0\"> Garantizar que <\/span><span class=\"NormalTextRun SCXW106729935 BCX0\">todos los estudiantes y docentes tengan acceso a una educaci\u00f3n digital de alta calidad, independientemente de su contexto socioecon\u00f3mico.<\/span><\/span><\/p>\n<\/div><\/li><li class=\"fusion-li-item\" style=\"\"><span class=\"icon-wrapper circle-no\"><i class=\"fusion-li-icon fa-arrow-right fas\" aria-hidden=\"true\"><\/i><\/span><div class=\"fusion-li-item-content\">\n<p><strong>Entorno Educativo Innovador y Sostenible:<\/strong> Crear y apoyar iniciativas que promuevan la innovaci\u00f3n y la sostenibilidad en la educaci\u00f3n.<\/p>\n<\/div><\/li><li class=\"fusion-li-item\" style=\"\"><span class=\"icon-wrapper circle-no\"><i class=\"fusion-li-icon fa-arrow-right fas\" aria-hidden=\"true\"><\/i><\/span><div class=\"fusion-li-item-content\"><strong>Colaboraci\u00f3n p\u00fablico-privada:<\/strong> Fomentar alianzas estrat\u00e9gicas entre gobiernos, instituciones educativas y empresas para impulsar la digitalizaci\u00f3n educativa.<\/div><\/li><\/ul><\/div><\/div><\/div><\/div><div class=\"fusion-fullwidth fullwidth-box fusion-builder-row-7 fusion-flex-container has-pattern-background has-mask-background nonhundred-percent-fullwidth non-hundred-percent-height-scrolling\" style=\"--awb-border-radius-top-left:0px;--awb-border-radius-top-right:0px;--awb-border-radius-bottom-right:0px;--awb-border-radius-bottom-left:0px;--awb-padding-top:80px;--awb-margin-top:60px;--awb-background-color:rgba(225,234,241,0.5);--awb-flex-wrap:wrap;\" ><div class=\"fusion-builder-row fusion-row fusion-flex-align-items-flex-start fusion-flex-justify-content-center fusion-flex-content-wrap\" style=\"max-width:1260px;margin-left: calc(-5% \/ 2 );margin-right: calc(-5% \/ 2 );\"><div class=\"fusion-layout-column fusion_builder_column fusion-builder-column-9 fusion_builder_column_3_4 3_4 fusion-flex-column\" style=\"--awb-bg-size:cover;--awb-width-large:75%;--awb-margin-top-large:0px;--awb-spacing-right-large:3.1666666666667%;--awb-margin-bottom-large:20px;--awb-spacing-left-large:3.1666666666667%;--awb-width-medium:75%;--awb-order-medium:0;--awb-spacing-right-medium:3.1666666666667%;--awb-spacing-left-medium:3.1666666666667%;--awb-width-small:100%;--awb-order-small:0;--awb-spacing-right-small:2.375%;--awb-spacing-left-small:2.375%;\"><div class=\"fusion-column-wrapper fusion-column-has-shadow fusion-flex-justify-content-flex-start fusion-content-layout-column\"><div class=\"fusion-title title fusion-title-5 fusion-sep-none fusion-title-center fusion-title-text fusion-title-size-two\" style=\"--awb-text-color:var(--awb-custom_color_3);\"><h2 class=\"fusion-title-heading title-heading-center\" style=\"margin:0;line-height:1.1;\">\u00bfC\u00f3mo llegaremos hasta all\u00ed?<\/h2><\/div><div class=\"fusion-text fusion-text-7\" style=\"--awb-content-alignment:center;--awb-font-size:20px;--awb-line-height:1.1;--awb-text-color:var(--awb-custom_color_4);--awb-margin-top:-10px;\"><p>Intenci\u00f3n estrat\u00e9gica<\/p>\n<\/div><div class=\"fusion-text fusion-text-8\" style=\"--awb-content-alignment:center;--awb-font-size:24px;--awb-line-height:1.4;\"><p><strong>Observamos<\/strong> la evoluci\u00f3n de la digitalizaci\u00f3n educativa, <strong>actuamos<\/strong> en pol\u00edticas p\u00fablicas, <strong>acompa\u00f1amos<\/strong> la transformaci\u00f3n digital en centros educativos y <strong>compartimos<\/strong> experiencias exitosas.<\/p>\n<\/div><div class=\"fusion-text fusion-text-9\" style=\"--awb-content-alignment:center;--awb-font-size:16px;--awb-line-height:8px;--awb-user-select:none;\"><p>.<br \/>\n.<br \/>\n.<br \/>\n.<br \/>\n.<br \/>\n.<br \/>\n.<br \/>\n.<br \/>\n.<br \/>\n.<\/p>\n<\/div><\/div><\/div><\/div><\/div><div class=\"fusion-fullwidth fullwidth-box fusion-builder-row-8 fusion-flex-container has-pattern-background has-mask-background nonhundred-percent-fullwidth non-hundred-percent-height-scrolling\" style=\"--awb-border-radius-top-left:0px;--awb-border-radius-top-right:0px;--awb-border-radius-bottom-right:0px;--awb-border-radius-bottom-left:0px;--awb-background-color:rgba(225,234,241,0.5);--awb-flex-wrap:wrap;\" ><div class=\"fusion-builder-row fusion-row fusion-flex-align-items-flex-start fusion-flex-content-wrap\" style=\"max-width:1260px;margin-left: calc(-5% \/ 2 );margin-right: calc(-5% \/ 2 );\"><div class=\"fusion-layout-column fusion_builder_column fusion-builder-column-10 fusion_builder_column_1_1 1_1 fusion-flex-column\" style=\"--awb-bg-size:cover;--awb-width-large:100%;--awb-margin-top-large:0px;--awb-spacing-right-large:2.375%;--awb-margin-bottom-large:20px;--awb-spacing-left-large:2.375%;--awb-width-medium:100%;--awb-order-medium:0;--awb-spacing-right-medium:2.375%;--awb-spacing-left-medium:2.375%;--awb-width-small:100%;--awb-order-small:0;--awb-spacing-right-small:2.375%;--awb-spacing-left-small:2.375%;\"><div class=\"fusion-column-wrapper fusion-column-has-shadow fusion-flex-justify-content-flex-start fusion-content-layout-column\"><div class=\"fusion-tabs fusion-tabs-1 classic nav-is-justified horizontal-tabs icon-position-left mobile-mode-accordion\" style=\"--awb-title-border-radius-top-left:0px;--awb-title-border-radius-top-right:0px;--awb-title-border-radius-bottom-right:0px;--awb-title-border-radius-bottom-left:0px;--awb-content-padding-top:3%;--awb-content-padding-right:5%;--awb-content-padding-bottom:3%;--awb-content-padding-left:5%;--awb-title-font-size:20px;--awb-alignment:start;--awb-inactive-color:var(--awb-custom_color_4);--awb-title-text-color:var(--awb-color1);--awb-title-active-text-color:var(--awb-custom_color_4);--awb-background-color:var(--awb-color1);--awb-border-color:var(--awb-color2);--awb-active-border-color:var(--awb-custom_color_3);\"><div class=\"nav\"><ul class=\"nav-tabs nav-justified\" role=\"tablist\"><li class=\"active\" role=\"presentation\"><a class=\"tab-link\" data-toggle=\"tab\" role=\"tab\" aria-controls=\"tab-2f8f648749b18ec7bea\" aria-selected=\"true\" id=\"fusion-tab-observando\" href=\"#tab-2f8f648749b18ec7bea\"><h5 class=\"fusion-tab-heading\">OBSERVANDO<\/h5><\/a><\/li><li role=\"presentation\"><a class=\"tab-link\" data-toggle=\"tab\" role=\"tab\" aria-controls=\"tab-0bd097161da58f971ec\" aria-selected=\"false\" tabindex=\"-1\" id=\"fusion-tab-actuando\" href=\"#tab-0bd097161da58f971ec\"><h5 class=\"fusion-tab-heading\">ACTUANDO<\/h5><\/a><\/li><li role=\"presentation\"><a class=\"tab-link\" data-toggle=\"tab\" role=\"tab\" aria-controls=\"tab-37404b3028a3c0e5480\" aria-selected=\"false\" tabindex=\"-1\" id=\"fusion-tab-acompa\u00d1ando\" href=\"#tab-37404b3028a3c0e5480\"><h5 class=\"fusion-tab-heading\">ACOMPA\u00d1ANDO<\/h5><\/a><\/li><li role=\"presentation\"><a class=\"tab-link\" data-toggle=\"tab\" role=\"tab\" aria-controls=\"tab-dbedbef845488b0eae2\" aria-selected=\"false\" tabindex=\"-1\" id=\"fusion-tab-compartiendo\" href=\"#tab-dbedbef845488b0eae2\"><h5 class=\"fusion-tab-heading\">COMPARTIENDO<\/h5><\/a><\/li><\/ul><\/div><div class=\"tab-content\"><div class=\"nav fusion-mobile-tab-nav\"><ul class=\"nav-tabs nav-justified\" role=\"tablist\"><li class=\"active\" role=\"presentation\"><a class=\"tab-link\" data-toggle=\"tab\" role=\"tab\" aria-controls=\"tab-2f8f648749b18ec7bea\" aria-selected=\"true\" id=\"mobile-fusion-tab-observando\" href=\"#tab-2f8f648749b18ec7bea\"><h5 class=\"fusion-tab-heading\">OBSERVANDO<\/h5><\/a><\/li><\/ul><\/div><div class=\"tab-pane fade fusion-clearfix in active\" role=\"tabpanel\" tabindex=\"0\" aria-labelledby=\"fusion-tab-observando\" id=\"tab-2f8f648749b18ec7bea\">\n<p><strong>OBSERVANDO\u00a0la evoluci\u00f3n e implementaci\u00f3n de la digitalizaci\u00f3n del proceso de ense\u00f1anza y aprendizaje en los centros educativos.<\/strong><\/p>\n<p><strong>Seguimiento Continuo y Alineaci\u00f3n Estrat\u00e9gica:<\/strong> Realizaremos un seguimiento exhaustivo de la evoluci\u00f3n e implementaci\u00f3n de la digitalizaci\u00f3n en los procesos de ense\u00f1anza y aprendizaje en los centros educativos, asegurando que este seguimiento est\u00e9 alineado con los objetivos y directrices del Plan de Acci\u00f3n Digital de la Uni\u00f3n Europea. Al tomar como referencia este marco europeo, no solo evaluaremos el progreso a nivel nacional, sino que tambi\u00e9n compararemos nuestras pr\u00e1cticas y resultados con est\u00e1ndares y metas internacionales, identificando oportunidades para mejorar y adaptar las mejores pr\u00e1cticas a nuestro contexto local.<\/p>\n<p>Este enfoque refuerza la importancia de alinearse con las pol\u00edticas y objetivos europeos, lo que no solo ayuda a medir el progreso a nivel nacional, sino que tambi\u00e9n abre la puerta a colaboraciones y aprendizajes internacionales.<\/p>\n<\/div><div class=\"nav fusion-mobile-tab-nav\"><ul class=\"nav-tabs nav-justified\" role=\"tablist\"><li role=\"presentation\"><a class=\"tab-link\" data-toggle=\"tab\" role=\"tab\" aria-controls=\"tab-0bd097161da58f971ec\" aria-selected=\"false\" tabindex=\"-1\" id=\"mobile-fusion-tab-actuando\" href=\"#tab-0bd097161da58f971ec\"><h5 class=\"fusion-tab-heading\">ACTUANDO<\/h5><\/a><\/li><\/ul><\/div><div class=\"tab-pane fade fusion-clearfix\" role=\"tabpanel\" tabindex=\"0\" aria-labelledby=\"fusion-tab-actuando\" id=\"tab-0bd097161da58f971ec\"><strong>ACTUANDO en las pol\u00edticas educativas para la ejecuci\u00f3n de los programas de digitalizaci\u00f3n como mejora de la calidad educativa.<\/strong> (Programas de digitalizaci\u00f3n de las Administraciones P\u00fablicas, Planes digitales de los centros; adecuaci\u00f3n, evaluaci\u00f3n y seguimiento de la implementaci\u00f3n).<\/p>\n<p><strong>Influencia en Pol\u00edticas P\u00fablicas:<\/strong> Participaremos activamente en la formulaci\u00f3n y ajuste de pol\u00edticas educativas, contribuyendo con evidencia, conocimiento y recomendaciones para asegurar que los programas de digitalizaci\u00f3n mejoren la calidad educativa. Esto incluye colaborar en la creaci\u00f3n, adecuaci\u00f3n, evaluaci\u00f3n y seguimiento de programas digitales implementados por las Administraciones P\u00fablicas y los centros educativos.<\/div><div class=\"nav fusion-mobile-tab-nav\"><ul class=\"nav-tabs nav-justified\" role=\"tablist\"><li role=\"presentation\"><a class=\"tab-link\" data-toggle=\"tab\" role=\"tab\" aria-controls=\"tab-37404b3028a3c0e5480\" aria-selected=\"false\" tabindex=\"-1\" id=\"mobile-fusion-tab-acompa\u00d1ando\" href=\"#tab-37404b3028a3c0e5480\"><h5 class=\"fusion-tab-heading\">ACOMPA\u00d1ANDO<\/h5><\/a><\/li><\/ul><\/div><div class=\"tab-pane fade fusion-clearfix\" role=\"tabpanel\" tabindex=\"0\" aria-labelledby=\"fusion-tab-acompa\u00d1ando\" id=\"tab-37404b3028a3c0e5480\">\n<p><strong>ACOMPA\u00d1ANDO y participando junto con las Administraci\u00f3n P\u00fablicas y los centros educativos en la transformaci\u00f3n digital del proceso de ense\u00f1anza y aprendizaje.<\/strong><\/p>\n<p><strong>Colaboraci\u00f3n y Apoyo:<\/strong> Trabajaremos de la mano con las Administraciones P\u00fablicas y los centros educativos para facilitar la transformaci\u00f3n digital. Ofreceremos orientaci\u00f3n y recursos que apoyen la implementaci\u00f3n efectiva de tecnolog\u00edas digitales en el proceso de ense\u00f1anza y aprendizaje, asegurando una transici\u00f3n fluida y adaptada a las necesidades de cada contexto.<\/p>\n<\/div><div class=\"nav fusion-mobile-tab-nav\"><ul class=\"nav-tabs nav-justified\" role=\"tablist\"><li role=\"presentation\"><a class=\"tab-link\" data-toggle=\"tab\" role=\"tab\" aria-controls=\"tab-dbedbef845488b0eae2\" aria-selected=\"false\" tabindex=\"-1\" id=\"mobile-fusion-tab-compartiendo\" href=\"#tab-dbedbef845488b0eae2\"><h5 class=\"fusion-tab-heading\">COMPARTIENDO<\/h5><\/a><\/li><\/ul><\/div><div class=\"tab-pane fade fusion-clearfix\" role=\"tabpanel\" tabindex=\"0\" aria-labelledby=\"fusion-tab-compartiendo\" id=\"tab-dbedbef845488b0eae2\">\n<p><strong>COMPARTIENDO experiencias en el buen uso de los recursos y tecnolog\u00edas digitales y los casos de \u00e9xito obtenidos.<\/strong><\/p>\n<p><strong>Difusi\u00f3n de Buenas Pr\u00e1cticas:<\/strong> Promoveremos el intercambio de experiencias y conocimientos, destacando casos de \u00e9xito y pr\u00e1cticas efectivas en el uso de recursos y tecnolog\u00edas digitales. Fomentaremos una cultura de aprendizaje colaborativo, donde los logros y desaf\u00edos se compartan para el beneficio de todos los actores involucrados.<\/p>\n<\/div><\/div><\/div><\/div><\/div><\/div><\/div><div class=\"fusion-fullwidth fullwidth-box fusion-builder-row-9 fusion-flex-container has-pattern-background has-mask-background nonhundred-percent-fullwidth non-hundred-percent-height-scrolling\" style=\"--awb-border-radius-top-left:0px;--awb-border-radius-top-right:0px;--awb-border-radius-bottom-right:0px;--awb-border-radius-bottom-left:0px;--awb-padding-top:60px;--awb-padding-bottom:60px;--awb-margin-top:60px;--awb-flex-wrap:wrap;\" ><div class=\"fusion-builder-row fusion-row fusion-flex-align-items-flex-start fusion-flex-content-wrap\" style=\"max-width:1260px;margin-left: calc(-5% \/ 2 );margin-right: calc(-5% \/ 2 );\"><div class=\"fusion-layout-column fusion_builder_column fusion-builder-column-11 fusion_builder_column_1_1 1_1 fusion-flex-column\" style=\"--awb-bg-size:cover;--awb-width-large:100%;--awb-margin-top-large:0px;--awb-spacing-right-large:2.375%;--awb-margin-bottom-large:20px;--awb-spacing-left-large:2.375%;--awb-width-medium:100%;--awb-order-medium:0;--awb-spacing-right-medium:2.375%;--awb-spacing-left-medium:2.375%;--awb-width-small:100%;--awb-order-small:0;--awb-spacing-right-small:2.375%;--awb-spacing-left-small:2.375%;\"><div class=\"fusion-column-wrapper fusion-column-has-shadow fusion-flex-justify-content-flex-start fusion-content-layout-column\"><div class=\"fusion-title title fusion-title-6 fusion-sep-none fusion-title-center fusion-title-text fusion-title-size-two\" style=\"--awb-text-color:var(--awb-custom_color_4);\"><h2 class=\"fusion-title-heading title-heading-center\" style=\"margin:0;line-height:1.1;\">\u00bfEn qu\u00e9 nos centraremos?<\/h2><\/div><div class=\"fusion-text fusion-text-10\" style=\"--awb-content-alignment:center;--awb-font-size:20px;--awb-line-height:1.1;--awb-text-color:var(--awb-custom_color_4);--awb-margin-top:-10px;\"><p>Impulsores<\/p>\n<\/div><div class=\"fusion-text fusion-text-11\" style=\"--awb-content-alignment:center;--awb-font-size:16px;--awb-line-height:8px;--awb-user-select:none;\"><p>.<br \/>\n.<br \/>\n.<br \/>\n.<br \/>\n.<br \/>\n.<br \/>\n.<br \/>\n.<br \/>\n.<br \/>\n.<\/p>\n<\/div><div class=\"accordian fusion-accordian\" style=\"--awb-border-size:1px;--awb-icon-size:16px;--awb-content-font-size:18px;--awb-content-line-height:1.4;--awb-icon-alignment:left;--awb-hover-color:var(--awb-color2);--awb-border-color:var(--awb-color3);--awb-background-color:var(--awb-color1);--awb-divider-color:var(--awb-custom_color_15);--awb-divider-hover-color:var(--awb-color4);--awb-icon-color:var(--awb-color1);--awb-title-color:var(--awb-custom_color_3);--awb-content-color:var(--awb-custom_color_3);--awb-icon-box-color:var(--awb-custom_color_3);--awb-toggle-hover-accent-color:var(--awb-custom_color_4);--awb-title-font-family:var(--awb-typography1-font-family);--awb-title-font-weight:var(--awb-typography1-font-weight);--awb-title-font-style:var(--awb-typography1-font-style);--awb-title-font-size:20px;--awb-content-font-family:var(--awb-typography4-font-family);--awb-content-font-weight:var(--awb-typography4-font-weight);--awb-content-font-style:var(--awb-typography4-font-style);\"><div class=\"panel-group fusion-toggle-icon-boxed\" id=\"accordion-3046-1\"><div class=\"fusion-panel panel-default panel-d0f50a5bffc126f12 fusion-toggle-has-divider\" style=\"--awb-title-color:var(--awb-color7);\"><div class=\"panel-heading\"><h4 class=\"panel-title toggle\" id=\"toggle_d0f50a5bffc126f12\"><a aria-expanded=\"false\" aria-controls=\"d0f50a5bffc126f12\" role=\"button\" data-toggle=\"collapse\" data-target=\"#d0f50a5bffc126f12\" href=\"#d0f50a5bffc126f12\"><span class=\"fusion-toggle-icon-wrapper\" aria-hidden=\"true\"><i class=\"fa-fusion-box active-icon awb-icon-minus\" aria-hidden=\"true\"><\/i><i class=\"fa-fusion-box inactive-icon awb-icon-plus\" aria-hidden=\"true\"><\/i><\/span><span class=\"fusion-toggle-heading\">Fortalecer la colaboraci\u00f3n p\u00fablico-privada<\/span><\/a><\/h4><\/div><div id=\"d0f50a5bffc126f12\" class=\"panel-collapse collapse \" aria-labelledby=\"toggle_d0f50a5bffc126f12\"><div class=\"panel-body toggle-content fusion-clearfix\">\n<p><strong>Facilitar alianzas entre gobiernos, instituciones educativas y empresas para avanzar en la digitalizaci\u00f3n educativas y compartir recursos y conocimientos.<\/strong><\/p>\n<ul>\n<li><strong>Facilitar Alianzas Estrat\u00e9gicas:<\/strong> Promover y consolidar acuerdos de colaboraci\u00f3n entre gobiernos, instituciones educativas y empresas para avanzar en la digitalizaci\u00f3n educativa. Estas alianzas permitir\u00e1n compartir recursos, conocimientos y experiencias que impulsen la innovaci\u00f3n y mejoren la calidad de la educaci\u00f3n.<\/li>\n<li><strong>Formalizar Colaboraciones:<\/strong> Establecer y formalizar acuerdos de colaboraci\u00f3n con entidades clave en los sectores p\u00fablico y privado para fortalecer el ecosistema digital educativo.<\/li>\n<li><strong>Fomentar el Intercambio de Mejores Pr\u00e1cticas:<\/strong> Organizar encuentros, mesas de trabajo y foros que faciliten el intercambio de soluciones efectivas y mejores pr\u00e1cticas en la digitalizaci\u00f3n educativa.<\/li>\n<li><strong>Desarrollo Conjunto de Proyectos:<\/strong> Coordinar y ejecutar proyectos de investigaci\u00f3n y desarrollo en colaboraci\u00f3n con socios estrat\u00e9gicos, enfocados en la implementaci\u00f3n de tecnolog\u00edas educativas y la mejora continua del proceso de ense\u00f1anza y aprendizaje.<\/li>\n<\/ul>\n<\/div><\/div><\/div><div class=\"fusion-panel panel-default panel-8c7ab4293d86cb654 fusion-toggle-has-divider\" style=\"--awb-title-color:var(--awb-color7);\"><div class=\"panel-heading\"><h4 class=\"panel-title toggle\" id=\"toggle_8c7ab4293d86cb654\"><a aria-expanded=\"false\" aria-controls=\"8c7ab4293d86cb654\" role=\"button\" data-toggle=\"collapse\" data-target=\"#8c7ab4293d86cb654\" href=\"#8c7ab4293d86cb654\"><span class=\"fusion-toggle-icon-wrapper\" aria-hidden=\"true\"><i class=\"fa-fusion-box active-icon awb-icon-minus\" aria-hidden=\"true\"><\/i><i class=\"fa-fusion-box inactive-icon awb-icon-plus\" aria-hidden=\"true\"><\/i><\/span><span class=\"fusion-toggle-heading\">Mejorar la calidad de la educaci\u00f3n digital<\/span><\/a><\/h4><\/div><div id=\"8c7ab4293d86cb654\" class=\"panel-collapse collapse \" aria-labelledby=\"toggle_8c7ab4293d86cb654\"><div class=\"panel-body toggle-content fusion-clearfix\">\n<ul>\n<li><strong>An\u00e1lisis y Validaci\u00f3n de Modelos Referentes:<\/strong> Incorporar el an\u00e1lisis riguroso de modelos educativos digitales validados y funcionales para identificar qu\u00e9 pr\u00e1cticas son efectivas y d\u00f3nde se puede mejorar. Este an\u00e1lisis permitir\u00e1 detectar y desechar aquellos modelos que no cumplen con los est\u00e1ndares de calidad establecidos.<\/li>\n<li><strong>Identificaci\u00f3n y Difusi\u00f3n de Buenas Pr\u00e1cticas:<\/strong> Identificar y divulgar casos de \u00e9xito y pr\u00e1cticas efectivas en la implementaci\u00f3n del ecosistema digital para el aprendizaje, asegurando que se cumplan altos est\u00e1ndares de calidad.<\/li>\n<li><strong>Estudios de Casos y Entrevistas:<\/strong> Realizar estudios de casos de centros educativos que han implementado modelos digitales exitosos y entrevistar a educadores expertos para comprender los factores clave de su \u00e9xito.<\/li>\n<li><strong>Formaci\u00f3n Continua para Docentes:<\/strong> Implementar programas de formaci\u00f3n continua que capaciten a los docentes en el uso y aplicaci\u00f3n efectiva de tecnolog\u00edas y metodolog\u00edas educativas digitales.<\/li>\n<li><strong>Materiales Educativos de Alta Calidad:<\/strong> Crear, validar y distribuir materiales educativos digitales que cumplan con est\u00e1ndares rigurosos de calidad, asegurando su utilidad y efectividad en el aula.<\/li>\n<\/ul>\n<\/div><\/div><\/div><div class=\"fusion-panel panel-default panel-c294ee5fc2e2109c6 fusion-toggle-has-divider\" style=\"--awb-title-color:var(--awb-color7);\"><div class=\"panel-heading\"><h4 class=\"panel-title toggle\" id=\"toggle_c294ee5fc2e2109c6\"><a aria-expanded=\"false\" aria-controls=\"c294ee5fc2e2109c6\" role=\"button\" data-toggle=\"collapse\" data-target=\"#c294ee5fc2e2109c6\" href=\"#c294ee5fc2e2109c6\"><span class=\"fusion-toggle-icon-wrapper\" aria-hidden=\"true\"><i class=\"fa-fusion-box active-icon awb-icon-minus\" aria-hidden=\"true\"><\/i><i class=\"fa-fusion-box inactive-icon awb-icon-plus\" aria-hidden=\"true\"><\/i><\/span><span class=\"fusion-toggle-heading\">Promover la Innovaci\u00f3n Educativa<\/span><\/a><\/h4><\/div><div id=\"c294ee5fc2e2109c6\" class=\"panel-collapse collapse \" aria-labelledby=\"toggle_c294ee5fc2e2109c6\"><div class=\"panel-body toggle-content fusion-clearfix\">\n<p>Impulsar el uso de nuevas tecnolog\u00edas recursos y m\u00e9todos pedag\u00f3gicos que mejoren la ense\u00f1anza y el aprendizaje adapt\u00e1ndose a las tendencias emergentes en educaci\u00f3n digital.<\/p>\n<ul>\n<li><strong>Impulsar nuevas tecnolog\u00edas y m\u00e9todos pedag\u00f3gicos:<\/strong> Fomentar la adopci\u00f3n de tecnolog\u00edas emergentes y m\u00e9todos pedag\u00f3gicos innovadores que mejoren la ense\u00f1anza y el aprendizaje, adapt\u00e1ndose a las \u00faltimas tendencias en educaci\u00f3n digital.<\/li>\n<li><strong>Proyectos de investigaci\u00f3n y piloto:<\/strong> Desarrollar proyectos de investigaci\u00f3n para evaluar el impacto de nuevas tecnolog\u00edas y recursos digitales en el aprendizaje, as\u00ed como implementar proyectos piloto para probar y refinar herramientas y m\u00e9todos innovadores.<\/li>\n<li><strong>Eventos de innovaci\u00f3n:<\/strong> Organizar eventos, talleres y conferencias sobre innovaci\u00f3n educativa, promoviendo el intercambio de conocimientos y experiencias entre educadores y expertos en tecnolog\u00eda.<\/li>\n<li><strong>An\u00e1lisis de nuevas herramientas educativas:<\/strong> Realizar rese\u00f1as y an\u00e1lisis cr\u00edticos de nuevas herramientas, recursos y aplicaciones educativas, proporcionando recomendaciones basadas en evidencia para su implementaci\u00f3n.<\/li>\n<\/ul>\n<\/div><\/div><\/div><div class=\"fusion-panel panel-default panel-6e273043c451da764 fusion-toggle-has-divider\" style=\"--awb-title-color:var(--awb-color7);\"><div class=\"panel-heading\"><h4 class=\"panel-title toggle\" id=\"toggle_6e273043c451da764\"><a aria-expanded=\"false\" aria-controls=\"6e273043c451da764\" role=\"button\" data-toggle=\"collapse\" data-target=\"#6e273043c451da764\" href=\"#6e273043c451da764\"><span class=\"fusion-toggle-icon-wrapper\" aria-hidden=\"true\"><i class=\"fa-fusion-box active-icon awb-icon-minus\" aria-hidden=\"true\"><\/i><i class=\"fa-fusion-box inactive-icon awb-icon-plus\" aria-hidden=\"true\"><\/i><\/span><span class=\"fusion-toggle-heading\">Fomentar la Investigaci\u00f3n y el Conocimiento<\/span><\/a><\/h4><\/div><div id=\"6e273043c451da764\" class=\"panel-collapse collapse \" aria-labelledby=\"toggle_6e273043c451da764\"><div class=\"panel-body toggle-content fusion-clearfix\">\n<p>Conducir investigaciones y estudios que aporten conocimientos valiosos y recomendaciones para mejorar la educaci\u00f3n digital.<\/p>\n<ul>\n<li><strong>Estudios detallados sobre Educaci\u00f3n Digital<\/strong>: Conducir investigaciones exhaustivas sobre las tendencias, desaf\u00edos y oportunidades que enfrenta la educaci\u00f3n digital, generando conocimientos valiosos que orienten la toma de decisiones.<\/li>\n<li><strong>Publicaci\u00f3n de Informes y Estudios de Caso<\/strong>: Publicar informes y estudios de caso que documenten buenas pr\u00e1cticas y \u00e9xitos en la digitalizaci\u00f3n educativa, proporcionando un marco de referencia para otras instituciones.<\/li>\n<li><strong>Informes Anuales sobre Educaci\u00f3n Digital<\/strong>: Elaborar y difundir informes anuales que eval\u00faen el estado de la educaci\u00f3n digital, identificando avances, retos y \u00e1reas de mejora.<\/li>\n<li><strong>Encuestas y An\u00e1lisis de Datos<\/strong>: Realizar encuestas y an\u00e1lisis de datos sobre el uso de tecnolog\u00edas y recursos educativos en las aulas, brindando insights clave para la mejora continua.<\/li>\n<li><strong>Evaluaci\u00f3n de Pol\u00edticas Educativas<\/strong>: Analizar las pol\u00edticas y normativas sobre educaci\u00f3n digital y su impacto en los centros educativos y procesos de ense\u00f1anza, ofreciendo recomendaciones para su mejora.<\/li>\n<\/ul>\n<\/div><\/div><\/div><\/div><\/div><\/div><\/div><\/div><\/div><div class=\"fusion-fullwidth fullwidth-box fusion-builder-row-10 fusion-flex-container has-pattern-background has-mask-background fusion-parallax-fixed nonhundred-percent-fullwidth non-hundred-percent-height-scrolling lazyload\" style=\"--awb-border-radius-top-left:0px;--awb-border-radius-top-right:0px;--awb-border-radius-bottom-right:0px;--awb-border-radius-bottom-left:0px;--awb-padding-top:150px;--awb-padding-bottom:150px;--awb-margin-bottom:0px;--awb-background-size:cover;--awb-flex-wrap:wrap;background-attachment:fixed;\" data-bg=\"https:\/\/edupublicoprivada.com\/2025\/wp-content\/uploads\/2024\/09\/oned.jpg\" ><div class=\"fusion-builder-row fusion-row fusion-flex-align-items-flex-start fusion-flex-content-wrap\" style=\"max-width:1260px;margin-left: calc(-5% \/ 2 );margin-right: calc(-5% \/ 2 );\"><div class=\"fusion-layout-column fusion_builder_column fusion-builder-column-12 fusion_builder_column_1_1 1_1 fusion-flex-column\" style=\"--awb-bg-size:cover;--awb-width-large:100%;--awb-margin-top-large:0px;--awb-spacing-right-large:2.375%;--awb-margin-bottom-large:20px;--awb-spacing-left-large:2.375%;--awb-width-medium:100%;--awb-order-medium:0;--awb-spacing-right-medium:2.375%;--awb-spacing-left-medium:2.375%;--awb-width-small:100%;--awb-order-small:0;--awb-spacing-right-small:2.375%;--awb-spacing-left-small:2.375%;\"><div class=\"fusion-column-wrapper fusion-column-has-shadow fusion-flex-justify-content-flex-start fusion-content-layout-column\"><\/div><\/div><\/div><\/div><div class=\"fusion-fullwidth fullwidth-box fusion-builder-row-11 fusion-flex-container has-pattern-background has-mask-background nonhundred-percent-fullwidth non-hundred-percent-height-scrolling\" style=\"--awb-border-radius-top-left:0px;--awb-border-radius-top-right:0px;--awb-border-radius-bottom-right:0px;--awb-border-radius-bottom-left:0px;--awb-padding-top:80px;--awb-padding-bottom:80px;--awb-margin-top:0px;--awb-margin-bottom:-60px;--awb-background-color:rgba(225,234,241,0.5);--awb-flex-wrap:wrap;\" ><div class=\"fusion-builder-row fusion-row fusion-flex-align-items-flex-start fusion-flex-content-wrap\" style=\"max-width:1260px;margin-left: calc(-5% \/ 2 );margin-right: calc(-5% \/ 2 );\"><div class=\"fusion-layout-column fusion_builder_column fusion-builder-column-13 fusion_builder_column_1_1 1_1 fusion-flex-column\" style=\"--awb-bg-size:cover;--awb-width-large:100%;--awb-margin-top-large:0px;--awb-spacing-right-large:2.375%;--awb-margin-bottom-large:20px;--awb-spacing-left-large:2.375%;--awb-width-medium:100%;--awb-order-medium:0;--awb-spacing-right-medium:2.375%;--awb-spacing-left-medium:2.375%;--awb-width-small:100%;--awb-order-small:0;--awb-spacing-right-small:2.375%;--awb-spacing-left-small:2.375%;\"><div class=\"fusion-column-wrapper fusion-column-has-shadow fusion-flex-justify-content-flex-start fusion-content-layout-column\"><div class=\"fusion-title title fusion-title-7 fusion-sep-none fusion-title-center fusion-title-text fusion-title-size-two\" style=\"--awb-text-color:var(--awb-custom_color_3);\"><h2 class=\"fusion-title-heading title-heading-center\" style=\"margin:0;line-height:1.1;\">\u00c1reas tem\u00e1ticas principales<\/h2><\/div><div class=\"fusion-text fusion-text-12\" style=\"--awb-content-alignment:center;--awb-font-size:20px;--awb-line-height:1.1;--awb-text-color:var(--awb-custom_color_4);--awb-margin-top:-10px;\"><p>Impulsores<\/p>\n<\/div><div class=\"fusion-text fusion-text-13\" style=\"--awb-content-alignment:center;--awb-font-size:16px;--awb-line-height:8px;--awb-user-select:none;\"><p>.<br \/>\n.<br \/>\n.<br \/>\n.<br \/>\n.<br \/>\n.<br \/>\n.<br \/>\n.<br \/>\n.<br \/>\n.<\/p>\n<\/div><div class=\"accordian fusion-accordian\" style=\"--awb-border-size:1px;--awb-icon-size:16px;--awb-content-font-size:18px;--awb-content-line-height:1.4;--awb-icon-alignment:left;--awb-hover-color:var(--awb-color2);--awb-border-color:var(--awb-color3);--awb-background-color:var(--awb-color1);--awb-divider-color:var(--awb-color4);--awb-divider-hover-color:var(--awb-color4);--awb-icon-color:var(--awb-color1);--awb-title-color:var(--awb-custom_color_3);--awb-content-color:var(--awb-custom_color_3);--awb-icon-box-color:var(--awb-custom_color_3);--awb-toggle-hover-accent-color:var(--awb-custom_color_4);--awb-title-font-family:var(--awb-typography1-font-family);--awb-title-font-weight:var(--awb-typography1-font-weight);--awb-title-font-style:var(--awb-typography1-font-style);--awb-title-font-size:20px;--awb-content-font-family:var(--awb-typography4-font-family);--awb-content-font-weight:var(--awb-typography4-font-weight);--awb-content-font-style:var(--awb-typography4-font-style);\"><div class=\"panel-group fusion-toggle-icon-boxed\" id=\"accordion-3046-2\"><div class=\"fusion-panel panel-default panel-452b3acb99be49e13 fusion-toggle-has-divider\" style=\"--awb-title-color:var(--awb-color7);\"><div class=\"panel-heading\"><h4 class=\"panel-title toggle\" id=\"toggle_452b3acb99be49e13\"><a aria-expanded=\"false\" aria-controls=\"452b3acb99be49e13\" role=\"button\" data-toggle=\"collapse\" data-target=\"#452b3acb99be49e13\" href=\"#452b3acb99be49e13\"><span class=\"fusion-toggle-icon-wrapper\" aria-hidden=\"true\"><i class=\"fa-fusion-box active-icon awb-icon-minus\" aria-hidden=\"true\"><\/i><i class=\"fa-fusion-box inactive-icon awb-icon-plus\" aria-hidden=\"true\"><\/i><\/span><span class=\"fusion-toggle-heading\">1. Di\u00e1logo Estrat\u00e9gico sobre Factores Cr\u00edticos para el \u00c9xito de la Educaci\u00f3n Digital<\/span><\/a><\/h4><\/div><div id=\"452b3acb99be49e13\" class=\"panel-collapse collapse \" aria-labelledby=\"toggle_452b3acb99be49e13\"><div class=\"panel-body toggle-content fusion-clearfix\">\n<ul>\n<li><strong>Propuestas de Recomendaci\u00f3n:<\/strong> Desarrollar pol\u00edticas y directrices basadas en investigaciones que identifiquen los factores cr\u00edticos para el \u00e9xito de la educaci\u00f3n digital, promoviendo un marco regulatorio que facilite su implementaci\u00f3n efectiva.<\/li>\n<li><strong>Asesoramiento y Colaboraci\u00f3n:<\/strong> Establecer un panel de expertos para ofrecer asesoramiento continuo y compartir experiencias y buenas pr\u00e1cticas a nivel nacional e internacional, enfoc\u00e1ndose en la adaptabilidad y sostenibilidad de las iniciativas digitales.<\/li>\n<li><strong>Investigaci\u00f3n y An\u00e1lisis Emp\u00edrico:<\/strong> Contribuir a la investigaci\u00f3n y la experimentaci\u00f3n mediante la recopilaci\u00f3n y el an\u00e1lisis sistem\u00e1tico de datos emp\u00edricos para validar la efectividad de las pr\u00e1cticas y pol\u00edticas educativas digitales.<\/li>\n<\/ul>\n<\/div><\/div><\/div><div class=\"fusion-panel panel-default panel-e4a5a01f135d88c8e fusion-toggle-has-divider\" style=\"--awb-title-color:var(--awb-color7);\"><div class=\"panel-heading\"><h4 class=\"panel-title toggle\" id=\"toggle_e4a5a01f135d88c8e\"><a aria-expanded=\"false\" aria-controls=\"e4a5a01f135d88c8e\" role=\"button\" data-toggle=\"collapse\" data-target=\"#e4a5a01f135d88c8e\" href=\"#e4a5a01f135d88c8e\"><span class=\"fusion-toggle-icon-wrapper\" aria-hidden=\"true\"><i class=\"fa-fusion-box active-icon awb-icon-minus\" aria-hidden=\"true\"><\/i><i class=\"fa-fusion-box inactive-icon awb-icon-plus\" aria-hidden=\"true\"><\/i><\/span><span class=\"fusion-toggle-heading\">2. Gesti\u00f3n del Proceso de Digitalizaci\u00f3n en la Ense\u00f1anza<\/span><\/a><\/h4><\/div><div id=\"e4a5a01f135d88c8e\" class=\"panel-collapse collapse \" aria-labelledby=\"toggle_e4a5a01f135d88c8e\"><div class=\"panel-body toggle-content fusion-clearfix\">\n<ul>\n<li><strong>Planes de Transformaci\u00f3n Digital:<\/strong> Desarrollar y promover la implementaci\u00f3n de planes de transformaci\u00f3n digital completos para instituciones educativas, asegurando que estos planes incluyan componentes de capacitaci\u00f3n, infraestructura y soporte t\u00e9cnico.<\/li>\n<li><strong>Modelos de Ejecuci\u00f3n y Evaluaci\u00f3n de la transferencia al aula de la transformaci\u00f3n digital del proceso de ense\u00f1anza y aprendizaje:<\/strong> Crear modelos robustos para la ejecuci\u00f3n, seguimiento y evaluaci\u00f3n de estos planes, asegurando que se adapten a las necesidades espec\u00edficas de cada instituci\u00f3n.<\/li>\n<li><strong>Impacto de la Competencia Digital:<\/strong> Monitorizar y evaluar el impacto del desarrollo de competencias digitales en docentes y alumnos sobre la calidad y efectividad de las pr\u00e1cticas pedag\u00f3gicas.<\/li>\n<\/ul>\n<\/div><\/div><\/div><div class=\"fusion-panel panel-default panel-94ef93d927eb68cf7 fusion-toggle-has-divider\" style=\"--awb-title-color:var(--awb-color7);\"><div class=\"panel-heading\"><h4 class=\"panel-title toggle\" id=\"toggle_94ef93d927eb68cf7\"><a aria-expanded=\"false\" aria-controls=\"94ef93d927eb68cf7\" role=\"button\" data-toggle=\"collapse\" data-target=\"#94ef93d927eb68cf7\" href=\"#94ef93d927eb68cf7\"><span class=\"fusion-toggle-icon-wrapper\" aria-hidden=\"true\"><i class=\"fa-fusion-box active-icon awb-icon-minus\" aria-hidden=\"true\"><\/i><i class=\"fa-fusion-box inactive-icon awb-icon-plus\" aria-hidden=\"true\"><\/i><\/span><span class=\"fusion-toggle-heading\">3. Inteligencia Artificial y Uso de Datos en Educaci\u00f3n<\/span><\/a><\/h4><\/div><div id=\"94ef93d927eb68cf7\" class=\"panel-collapse collapse \" aria-labelledby=\"toggle_94ef93d927eb68cf7\"><div class=\"panel-body toggle-content fusion-clearfix\">\n<ul>\n<li><strong>Formaci\u00f3n en IA y An\u00e1lisis de Datos:<\/strong> Ofrecer programas de formaci\u00f3n para educadores y administradores en el uso \u00e9tico y efectivo de la IA y el an\u00e1lisis de datos en la educaci\u00f3n.<\/li>\n<li><strong>Aplicaciones en el Sector Educativo:<\/strong> Identificar y difundir aplicaciones innovadoras de IA que puedan mejorar los resultados de aprendizaje y la gesti\u00f3n educativa.<\/li>\n<li><strong>Colaboraci\u00f3n Sectorial:<\/strong> Fomentar la colaboraci\u00f3n entre distintas Administraciones P\u00fablicas y el sector privado para explorar y expandir el uso de IA en educaci\u00f3n.<\/li>\n<\/ul>\n<\/div><\/div><\/div><div class=\"fusion-panel panel-default panel-ca5356a3192d0c5f8 fusion-toggle-has-divider\" style=\"--awb-title-color:var(--awb-color7);\"><div class=\"panel-heading\"><h4 class=\"panel-title toggle\" id=\"toggle_ca5356a3192d0c5f8\"><a aria-expanded=\"false\" aria-controls=\"ca5356a3192d0c5f8\" role=\"button\" data-toggle=\"collapse\" data-target=\"#ca5356a3192d0c5f8\" href=\"#ca5356a3192d0c5f8\"><span class=\"fusion-toggle-icon-wrapper\" aria-hidden=\"true\"><i class=\"fa-fusion-box active-icon awb-icon-minus\" aria-hidden=\"true\"><\/i><i class=\"fa-fusion-box inactive-icon awb-icon-plus\" aria-hidden=\"true\"><\/i><\/span><span class=\"fusion-toggle-heading\">4. Marco Espa\u00f1ol de Contenidos y Recursos de Educaci\u00f3n Digital<\/span><\/a><\/h4><\/div><div id=\"ca5356a3192d0c5f8\" class=\"panel-collapse collapse \" aria-labelledby=\"toggle_ca5356a3192d0c5f8\"><div class=\"panel-body toggle-content fusion-clearfix\">\n<ul>\n<li><strong>An\u00e1lisis de Contenidos Digitales:<\/strong> Realizar estudios detallados sobre la actual disponibilidad y calidad de los contenidos y recursos digitales en Espa\u00f1a, identificando lagunas y necesidades.<\/li>\n<li><strong>Transformaci\u00f3n de H\u00e1bitos de Uso Digital:<\/strong> Desarrollar estrategias para transformar los h\u00e1bitos de uso de contenidos digitales entre estudiantes y docentes, promoviendo pr\u00e1cticas que mejoren el aprendizaje, la retenci\u00f3n y comprensi\u00f3n.<\/li>\n<li><strong>Inversi\u00f3n en Contenidos Digitales:<\/strong> Proponer medidas para incrementar la inversi\u00f3n en el desarrollo, investigaci\u00f3n e innovaci\u00f3n de contenidos digitales de alta calidad.<\/li>\n<\/ul>\n<\/div><\/div><\/div><div class=\"fusion-panel panel-default panel-2ed0f9f2628c84a94 fusion-toggle-has-divider\" style=\"--awb-title-color:var(--awb-color7);\"><div class=\"panel-heading\"><h4 class=\"panel-title toggle\" id=\"toggle_2ed0f9f2628c84a94\"><a aria-expanded=\"false\" aria-controls=\"2ed0f9f2628c84a94\" role=\"button\" data-toggle=\"collapse\" data-target=\"#2ed0f9f2628c84a94\" href=\"#2ed0f9f2628c84a94\"><span class=\"fusion-toggle-icon-wrapper\" aria-hidden=\"true\"><i class=\"fa-fusion-box active-icon awb-icon-minus\" aria-hidden=\"true\"><\/i><i class=\"fa-fusion-box inactive-icon awb-icon-plus\" aria-hidden=\"true\"><\/i><\/span><span class=\"fusion-toggle-heading\">5. Evaluaci\u00f3n de Recursos Digitales<\/span><\/a><\/h4><\/div><div id=\"2ed0f9f2628c84a94\" class=\"panel-collapse collapse \" aria-labelledby=\"toggle_2ed0f9f2628c84a94\"><div class=\"panel-body toggle-content fusion-clearfix\">\n<ul>\n<li><strong>Verificaci\u00f3n de Calidad y Fiabilidad:<\/strong> Implementar herramientas y protocolos que permitan a los usuarios verificar la calidad y fiabilidad de los recursos de educaci\u00f3n digital, asegurando su adecuaci\u00f3n a los est\u00e1ndares educativos nacionales.<\/li>\n<\/ul>\n<\/div><\/div><\/div><div class=\"fusion-panel panel-default panel-df4258b724c92fa0f fusion-toggle-has-divider\" style=\"--awb-title-color:var(--awb-color7);\"><div class=\"panel-heading\"><h4 class=\"panel-title toggle\" id=\"toggle_df4258b724c92fa0f\"><a aria-expanded=\"false\" aria-controls=\"df4258b724c92fa0f\" role=\"button\" data-toggle=\"collapse\" data-target=\"#df4258b724c92fa0f\" href=\"#df4258b724c92fa0f\"><span class=\"fusion-toggle-icon-wrapper\" aria-hidden=\"true\"><i class=\"fa-fusion-box active-icon awb-icon-minus\" aria-hidden=\"true\"><\/i><i class=\"fa-fusion-box inactive-icon awb-icon-plus\" aria-hidden=\"true\"><\/i><\/span><span class=\"fusion-toggle-heading\">6. Empoderamiento y capacitaci\u00f3n del docente<\/span><\/a><\/h4><\/div><div id=\"df4258b724c92fa0f\" class=\"panel-collapse collapse \" aria-labelledby=\"toggle_df4258b724c92fa0f\"><div class=\"panel-body toggle-content fusion-clearfix\">\n<p>Poner el foco en el docente como elemento central del proceso de digitalizaci\u00f3n de la educaci\u00f3n es crucial para el \u00e9xito del Observatorio Nacional de Educaci\u00f3n Digital (ONED). Esta \u00e1rea se enfocar\u00e1 en la situaci\u00f3n actual de los docentes, su formaci\u00f3n, sus necesidades espec\u00edficas, y c\u00f3mo el ONED puede brindar un apoyo efectivo y continuado. Adem\u00e1s, no solo enfocar\u00eda esfuerzos en capacitar a los docentes, sino tambi\u00e9n en crear un entorno de apoyo continuo que les permita adaptarse y prosperar en un entorno educativo cada vez m\u00e1s digitalizado.<\/p>\n<ul>\n<li>Diagn\u00f3stico de la Situaci\u00f3n Actual del Docente:\n<ul>\n<li>An\u00e1lisis de Necesidades: Realizar estudios y encuestas regulares para identificar las necesidades actuales de los docentes en relaci\u00f3n con la digitalizaci\u00f3n. Esto puede incluir habilidades tecnol\u00f3gicas, m\u00e9todos pedag\u00f3gicos digitales, contenidos y recursos digitales educativos, y soporte emocional y t\u00e9cnico.<\/li>\n<li>Evaluaci\u00f3n de Competencias Digitales: Analizar el estado actual del desarrollo de la formaci\u00f3n y acreditaci\u00f3n del Marco de Competencia Digital Docente para evaluar la manera que se puedan dise\u00f1ar intervenciones formativas m\u00e1s efectivas y personalizadas.<\/li>\n<\/ul>\n<\/li>\n<\/ul>\n<ul>\n<li>Programas de Formaci\u00f3n Continua:\n<ul>\n<li>Desarrollo Profesional Personalizado: Ofrecer formaci\u00f3n continua que se adapte a los diferentes niveles de habilidad y experiencia en tecnolog\u00eda de los docentes, asegurando que todos puedan avanzar desde su punto de partida.<\/li>\n<li>Certificaciones en Herramientas y Recursos Digitales: Implementar programas de certificaci\u00f3n para docentes en el uso de plataformas y recursos educativos digitales y otras herramientas tecnol\u00f3gicas esenciales.<\/li>\n<li>Metodolog\u00edas Innovadoras: Capacitar a los docentes en metodolog\u00edas de ense\u00f1anza innovadoras que integren tecnolog\u00eda.<\/li>\n<\/ul>\n<\/li>\n<\/ul>\n<ul>\n<li>Soporte y Asesoramiento Continuo:\n<ul>\n<li>Equipos de Soporte T\u00e9cnico: Establecer equipos de soporte t\u00e9cnico accesibles que puedan ayudar a los docentes a resolver problemas espec\u00edficos relacionados con la tecnolog\u00eda.<\/li>\n<li>Red de Mentores y Coaches: Crear una red de mentores y coaches que puedan ofrecer asesoramiento pedag\u00f3gico y emocional a los docentes, especialmente en la adaptaci\u00f3n a los cambios y desaf\u00edos que la digitalizaci\u00f3n impone.<\/li>\n<\/ul>\n<\/li>\n<\/ul>\n<ul>\n<li>Evaluaci\u00f3n y Retroalimentaci\u00f3n:\n<ul>\n<li>Sistemas de Retroalimentaci\u00f3n: Implementar sistemas de retroalimentaci\u00f3n donde los docentes puedan expresar sus experiencias y sugerencias sobre las herramientas y formaciones ofrecidas, permitiendo as\u00ed mejoras basadas en datos reales.<\/li>\n<li>Estudios de Impacto: Realizar estudios de impacto regularmente para evaluar c\u00f3mo la formaci\u00f3n y el soporte afectan la pr\u00e1ctica docente y los resultados de aprendizaje de los estudiantes.<\/li>\n<\/ul>\n<\/li>\n<\/ul>\n<ul>\n<li>Pol\u00edticas de Apoyo y Reconocimiento:\n<ul>\n<li>Incentivos y Reconocimientos: Desarrollar pol\u00edticas que ofrezcan incentivos para los docentes que se esfuercen en mejorar sus habilidades digitales y aplicar nuevas metodolog\u00edas en el aula.<\/li>\n<li>Condiciones Laborales: Abogar por mejoras en las condiciones laborales de los docentes que reflejen los desaf\u00edos adicionales que la digitalizaci\u00f3n trae consigo.<\/li>\n<\/ul>\n<\/li>\n<\/ul>\n<\/div><\/div><\/div><\/div><\/div><\/div><\/div><\/div><\/div><\/p>\n","protected":false},"excerpt":{"rendered":"","protected":false},"author":1,"featured_media":0,"parent":0,"menu_order":0,"comment_status":"closed","ping_status":"closed","template":"100-width.php","meta":{"footnotes":""},"class_list":["post-3046","page","type-page","status-publish","hentry"],"yoast_head":"<!-- This site is optimized with the Yoast SEO plugin v25.4 - https:\/\/yoast.com\/wordpress\/plugins\/seo\/ -->\n<title>ONED - Colaboraci\u00f3n P\u00fablico-Privada en Educaci\u00f3n<\/title>\n<meta name=\"robots\" content=\"index, follow, max-snippet:-1, max-image-preview:large, max-video-preview:-1\" \/>\n<link rel=\"canonical\" href=\"https:\/\/edupublicoprivada.com\/2025\/oned\/\" \/>\n<meta property=\"og:locale\" content=\"es_ES\" \/>\n<meta property=\"og:type\" content=\"article\" \/>\n<meta property=\"og:title\" content=\"ONED - Colaboraci\u00f3n P\u00fablico-Privada en Educaci\u00f3n\" \/>\n<meta property=\"og:url\" content=\"https:\/\/edupublicoprivada.com\/2025\/oned\/\" \/>\n<meta property=\"og:site_name\" content=\"Colaboraci\u00f3n P\u00fablico-Privada en Educaci\u00f3n\" \/>\n<meta property=\"article:modified_time\" content=\"2025-07-07T17:17:21+00:00\" \/>\n<meta name=\"twitter:card\" content=\"summary_large_image\" \/>\n<meta name=\"twitter:label1\" content=\"Tiempo de lectura\" \/>\n\t<meta name=\"twitter:data1\" content=\"13 minutos\" \/>\n<script type=\"application\/ld+json\" class=\"yoast-schema-graph\">{\"@context\":\"https:\/\/schema.org\",\"@graph\":[{\"@type\":\"WebPage\",\"@id\":\"https:\/\/edupublicoprivada.com\/2025\/oned\/\",\"url\":\"https:\/\/edupublicoprivada.com\/2025\/oned\/\",\"name\":\"ONED - Colaboraci\u00f3n P\u00fablico-Privada en Educaci\u00f3n\",\"isPartOf\":{\"@id\":\"https:\/\/edupublicoprivada.com\/2025\/#website\"},\"datePublished\":\"2024-09-05T19:24:55+00:00\",\"dateModified\":\"2025-07-07T17:17:21+00:00\",\"breadcrumb\":{\"@id\":\"https:\/\/edupublicoprivada.com\/2025\/oned\/#breadcrumb\"},\"inLanguage\":\"es\",\"potentialAction\":[{\"@type\":\"ReadAction\",\"target\":[\"https:\/\/edupublicoprivada.com\/2025\/oned\/\"]}]},{\"@type\":\"BreadcrumbList\",\"@id\":\"https:\/\/edupublicoprivada.com\/2025\/oned\/#breadcrumb\",\"itemListElement\":[{\"@type\":\"ListItem\",\"position\":1,\"name\":\"Portada\",\"item\":\"https:\/\/edupublicoprivada.com\/2025\/\"},{\"@type\":\"ListItem\",\"position\":2,\"name\":\"ONED\"}]},{\"@type\":\"WebSite\",\"@id\":\"https:\/\/edupublicoprivada.com\/2025\/#website\",\"url\":\"https:\/\/edupublicoprivada.com\/2025\/\",\"name\":\"Colaboraci\u00f3n P\u00fablico-Privada en Educaci\u00f3n\",\"description\":\"El impacto de los Fondos Next Generation en la Educaci\u00f3n. #EU-NEXT GENERATION\",\"potentialAction\":[{\"@type\":\"SearchAction\",\"target\":{\"@type\":\"EntryPoint\",\"urlTemplate\":\"https:\/\/edupublicoprivada.com\/2025\/?s={search_term_string}\"},\"query-input\":{\"@type\":\"PropertyValueSpecification\",\"valueRequired\":true,\"valueName\":\"search_term_string\"}}],\"inLanguage\":\"es\"}]}<\/script>\n<!-- \/ Yoast SEO plugin. -->","yoast_head_json":{"title":"ONED - Colaboraci\u00f3n P\u00fablico-Privada en Educaci\u00f3n","robots":{"index":"index","follow":"follow","max-snippet":"max-snippet:-1","max-image-preview":"max-image-preview:large","max-video-preview":"max-video-preview:-1"},"canonical":"https:\/\/edupublicoprivada.com\/2025\/oned\/","og_locale":"es_ES","og_type":"article","og_title":"ONED - Colaboraci\u00f3n P\u00fablico-Privada en Educaci\u00f3n","og_url":"https:\/\/edupublicoprivada.com\/2025\/oned\/","og_site_name":"Colaboraci\u00f3n P\u00fablico-Privada en Educaci\u00f3n","article_modified_time":"2025-07-07T17:17:21+00:00","twitter_card":"summary_large_image","twitter_misc":{"Tiempo de lectura":"13 minutos"},"schema":{"@context":"https:\/\/schema.org","@graph":[{"@type":"WebPage","@id":"https:\/\/edupublicoprivada.com\/2025\/oned\/","url":"https:\/\/edupublicoprivada.com\/2025\/oned\/","name":"ONED - Colaboraci\u00f3n P\u00fablico-Privada en Educaci\u00f3n","isPartOf":{"@id":"https:\/\/edupublicoprivada.com\/2025\/#website"},"datePublished":"2024-09-05T19:24:55+00:00","dateModified":"2025-07-07T17:17:21+00:00","breadcrumb":{"@id":"https:\/\/edupublicoprivada.com\/2025\/oned\/#breadcrumb"},"inLanguage":"es","potentialAction":[{"@type":"ReadAction","target":["https:\/\/edupublicoprivada.com\/2025\/oned\/"]}]},{"@type":"BreadcrumbList","@id":"https:\/\/edupublicoprivada.com\/2025\/oned\/#breadcrumb","itemListElement":[{"@type":"ListItem","position":1,"name":"Portada","item":"https:\/\/edupublicoprivada.com\/2025\/"},{"@type":"ListItem","position":2,"name":"ONED"}]},{"@type":"WebSite","@id":"https:\/\/edupublicoprivada.com\/2025\/#website","url":"https:\/\/edupublicoprivada.com\/2025\/","name":"Colaboraci\u00f3n P\u00fablico-Privada en Educaci\u00f3n","description":"El impacto de los Fondos Next Generation en la Educaci\u00f3n. #EU-NEXT GENERATION","potentialAction":[{"@type":"SearchAction","target":{"@type":"EntryPoint","urlTemplate":"https:\/\/edupublicoprivada.com\/2025\/?s={search_term_string}"},"query-input":{"@type":"PropertyValueSpecification","valueRequired":true,"valueName":"search_term_string"}}],"inLanguage":"es"}]}},"_links":{"self":[{"href":"https:\/\/edupublicoprivada.com\/2025\/wp-json\/wp\/v2\/pages\/3046","targetHints":{"allow":["GET"]}}],"collection":[{"href":"https:\/\/edupublicoprivada.com\/2025\/wp-json\/wp\/v2\/pages"}],"about":[{"href":"https:\/\/edupublicoprivada.com\/2025\/wp-json\/wp\/v2\/types\/page"}],"author":[{"embeddable":true,"href":"https:\/\/edupublicoprivada.com\/2025\/wp-json\/wp\/v2\/users\/1"}],"replies":[{"embeddable":true,"href":"https:\/\/edupublicoprivada.com\/2025\/wp-json\/wp\/v2\/comments?post=3046"}],"version-history":[{"count":122,"href":"https:\/\/edupublicoprivada.com\/2025\/wp-json\/wp\/v2\/pages\/3046\/revisions"}],"predecessor-version":[{"id":4432,"href":"https:\/\/edupublicoprivada.com\/2025\/wp-json\/wp\/v2\/pages\/3046\/revisions\/4432"}],"wp:attachment":[{"href":"https:\/\/edupublicoprivada.com\/2025\/wp-json\/wp\/v2\/media?parent=3046"}],"curies":[{"name":"wp","href":"https:\/\/api.w.org\/{rel}","templated":true}]}}